{"id":76,"date":"2024-12-15T01:04:57","date_gmt":"2024-12-15T00:04:57","guid":{"rendered":"https:\/\/motogymkhana.poznan.pl\/?page_id=76"},"modified":"2026-03-17T19:35:36","modified_gmt":"2026-03-17T18:35:36","slug":"strona-glowna","status":"publish","type":"page","link":"https:\/\/motogymkhana.poznan.pl\/","title":{"rendered":"Kim Jeste\u015bmy"},"content":{"rendered":"\t\t<div data-elementor-type=\"wp-page\" data-elementor-id=\"76\" class=\"elementor elementor-76\" data-elementor-post-type=\"page\">\n\t\t\t\t<div class=\"elementor-element elementor-element-b0b905c e-flex e-con-boxed e-con e-parent\" data-id=\"b0b905c\" data-element_type=\"container\" data-e-type=\"container\">\n\t\t\t\t\t<div class=\"e-con-inner\">\n\t\t\t\t<div class=\"elementor-element elementor-element-fc2d49b elementor-widget elementor-widget-heading\" data-id=\"fc2d49b\" data-element_type=\"widget\" data-e-type=\"widget\" data-widget_type=\"heading.default\">\n\t\t\t\t<div class=\"elementor-widget-container\">\n\t\t\t\t\t<h1 class=\"elementor-heading-title elementor-size-default\">Ekipa Pozna\u0143ska<\/h1>\t\t\t\t<\/div>\n\t\t\t\t<\/div>\n\t\t\t\t<div class=\"elementor-element elementor-element-23dfdb4 elementor-widget elementor-widget-image\" data-id=\"23dfdb4\" data-element_type=\"widget\" data-e-type=\"widget\" data-widget_type=\"image.default\">\n\t\t\t\t<div class=\"elementor-widget-container\">\n\t\t\t\t\t\t\t\t\t\t\t\t\t\t\t<img fetchpriority=\"high\" decoding=\"async\" width=\"800\" height=\"534\" src=\"https:\/\/motogymkhana.poznan.pl\/wp-content\/uploads\/2026\/02\/Ekipa-1024x683.jpg\" class=\"attachment-large size-large wp-image-314\" alt=\"\" srcset=\"https:\/\/motogymkhana.poznan.pl\/wp-content\/uploads\/2026\/02\/Ekipa-1024x683.jpg 1024w, https:\/\/motogymkhana.poznan.pl\/wp-content\/uploads\/2026\/02\/Ekipa-300x200.jpg 300w, https:\/\/motogymkhana.poznan.pl\/wp-content\/uploads\/2026\/02\/Ekipa-768x512.jpg 768w, https:\/\/motogymkhana.poznan.pl\/wp-content\/uploads\/2026\/02\/Ekipa-1536x1024.jpg 1536w, https:\/\/motogymkhana.poznan.pl\/wp-content\/uploads\/2026\/02\/Ekipa-500x333.jpg 500w, https:\/\/motogymkhana.poznan.pl\/wp-content\/uploads\/2026\/02\/Ekipa-800x533.jpg 800w, https:\/\/motogymkhana.poznan.pl\/wp-content\/uploads\/2026\/02\/Ekipa-1280x853.jpg 1280w, https:\/\/motogymkhana.poznan.pl\/wp-content\/uploads\/2026\/02\/Ekipa-1920x1280.jpg 1920w, https:\/\/motogymkhana.poznan.pl\/wp-content\/uploads\/2026\/02\/Ekipa.jpg 2048w\" sizes=\"(max-width: 800px) 100vw, 800px\" \/>\t\t\t\t\t\t\t\t\t\t\t\t\t\t\t<\/div>\n\t\t\t\t<\/div>\n\t\t\t\t<div class=\"elementor-element elementor-element-82126eb elementor-widget elementor-widget-text-editor\" data-id=\"82126eb\" data-element_type=\"widget\" data-e-type=\"widget\" data-widget_type=\"text-editor.default\">\n\t\t\t\t<div class=\"elementor-widget-container\">\n\t\t\t\t\t\t\t\t\t<h4>Pozna\u0144 ma aktywn\u0105 spo\u0142eczno\u015b\u0107 motogymkhany skupion\u0105 wok\u00f3\u0142 lokalnych trening\u00f3w i zawod\u00f3w, kt\u00f3re promuj\u0105 jazd\u0119 precyzyjn\u0105 i techniczn\u0105 na motocyklu. W mie\u015bcie i okolicach regularnie organizowane s\u0105 otwarte treningi, rundy Gymkhana GP oraz imprezy, kt\u00f3re \u0142\u0105cz\u0105 sportow\u0105 rywalizacj\u0119 z motoryzacyjnymi atrakcjami dla uczestnik\u00f3w i widz\u00f3w. Pozna\u0144 sta\u0142 si\u0119 jednym z wa\u017cniejszych miejsc w Polsce dla tej dyscypliny \u2013 m.in. tutaj odbywa\u0142y si\u0119 Mistrzostwa Europy\u00a0motogymkhany oraz liczne rundy mistrzostw i \u015bwi\u0119ta motocyklowe, promuj\u0105ce kultur\u0119 jazdy i umiej\u0119tno\u015bci precyzyjnej jazdy motocyklem.<\/h4>\t\t\t\t\t\t\t\t<\/div>\n\t\t\t\t<\/div>\n\t\t\t\t<div class=\"elementor-element elementor-element-ddc59fe elementor-widget elementor-widget-text-editor\" data-id=\"ddc59fe\" data-element_type=\"widget\" data-e-type=\"widget\" data-widget_type=\"text-editor.default\">\n\t\t\t\t<div class=\"elementor-widget-container\">\n\t\t\t\t\t\t\t\t\t<h1>Beata Anio\u0142a<\/h1>\t\t\t\t\t\t\t\t<\/div>\n\t\t\t\t<\/div>\n\t\t\t\t<div class=\"elementor-element elementor-element-6fbfb9a elementor-widget elementor-widget-image\" data-id=\"6fbfb9a\" data-element_type=\"widget\" data-e-type=\"widget\" data-widget_type=\"image.default\">\n\t\t\t\t<div class=\"elementor-widget-container\">\n\t\t\t\t\t\t\t\t\t\t\t\t\t\t\t<img decoding=\"async\" width=\"768\" height=\"512\" src=\"https:\/\/motogymkhana.poznan.pl\/wp-content\/uploads\/2026\/02\/Beata-Aniola-768x512.jpg\" class=\"attachment-medium_large size-medium_large wp-image-254\" alt=\"\" srcset=\"https:\/\/motogymkhana.poznan.pl\/wp-content\/uploads\/2026\/02\/Beata-Aniola-768x512.jpg 768w, https:\/\/motogymkhana.poznan.pl\/wp-content\/uploads\/2026\/02\/Beata-Aniola-300x200.jpg 300w, https:\/\/motogymkhana.poznan.pl\/wp-content\/uploads\/2026\/02\/Beata-Aniola-1024x683.jpg 1024w, https:\/\/motogymkhana.poznan.pl\/wp-content\/uploads\/2026\/02\/Beata-Aniola-1536x1024.jpg 1536w, https:\/\/motogymkhana.poznan.pl\/wp-content\/uploads\/2026\/02\/Beata-Aniola.jpg 2048w\" sizes=\"(max-width: 768px) 100vw, 768px\" \/>\t\t\t\t\t\t\t\t\t\t\t\t\t\t\t<\/div>\n\t\t\t\t<\/div>\n\t\t\t\t<div class=\"elementor-element elementor-element-cebf226 elementor-widget elementor-widget-text-editor\" data-id=\"cebf226\" data-element_type=\"widget\" data-e-type=\"widget\" data-widget_type=\"text-editor.default\">\n\t\t\t\t<div class=\"elementor-widget-container\">\n\t\t\t\t\t\t\t\t\t<h5>Beata Anio\u0142a trenuje motogymkhan\u0119 od pa\u017adziernika 2021 roku, a sw\u00f3j debiut zaliczy\u0142a ju\u017c w maju 2022 w Gorzowie. Od tamtej pory regularnie startuje na arenie mi\u0119dzynarodowej, bior\u0105c udzia\u0142 w Mistrzostwach Europy w Polsce (2023), Czechach (2024) i Chorwacji (2025), a tak\u017ce w Aragonia Cup w Hiszpanii w sezonie 2025. Na torze dosiada czerwonej Yamahy MT-07 z 2016 roku \u2014 \u201ebo czerwone s\u0105 przecie\u017c najszybsze \ud83d\ude09\u201d.<\/h5>\t\t\t\t\t\t\t\t<\/div>\n\t\t\t\t<\/div>\n\t\t\t\t\t<\/div>\n\t\t\t\t<\/div>\n\t\t<div class=\"elementor-element elementor-element-6dbdc58 e-flex e-con-boxed e-con e-parent\" data-id=\"6dbdc58\" data-element_type=\"container\" data-e-type=\"container\">\n\t\t\t\t\t<div class=\"e-con-inner\">\n\t\t\t\t<div class=\"elementor-element elementor-element-fafe087 elementor-widget elementor-widget-text-editor\" data-id=\"fafe087\" data-element_type=\"widget\" data-e-type=\"widget\" data-widget_type=\"text-editor.default\">\n\t\t\t\t<div class=\"elementor-widget-container\">\n\t\t\t\t\t\t\t\t\t<h1>Mi\u0142osz Bujakowski<\/h1>\t\t\t\t\t\t\t\t<\/div>\n\t\t\t\t<\/div>\n\t\t\t\t<div class=\"elementor-element elementor-element-8aad8ca elementor-widget elementor-widget-image\" data-id=\"8aad8ca\" data-element_type=\"widget\" data-e-type=\"widget\" data-widget_type=\"image.default\">\n\t\t\t\t<div class=\"elementor-widget-container\">\n\t\t\t\t\t\t\t\t\t\t\t\t\t\t\t<img decoding=\"async\" width=\"768\" height=\"512\" src=\"https:\/\/motogymkhana.poznan.pl\/wp-content\/uploads\/2026\/02\/Milosz-Bujakowski-768x512.jpg\" class=\"attachment-medium_large size-medium_large wp-image-283\" alt=\"\" srcset=\"https:\/\/motogymkhana.poznan.pl\/wp-content\/uploads\/2026\/02\/Milosz-Bujakowski-768x512.jpg 768w, https:\/\/motogymkhana.poznan.pl\/wp-content\/uploads\/2026\/02\/Milosz-Bujakowski-300x200.jpg 300w, https:\/\/motogymkhana.poznan.pl\/wp-content\/uploads\/2026\/02\/Milosz-Bujakowski-1024x683.jpg 1024w, https:\/\/motogymkhana.poznan.pl\/wp-content\/uploads\/2026\/02\/Milosz-Bujakowski-1536x1024.jpg 1536w, https:\/\/motogymkhana.poznan.pl\/wp-content\/uploads\/2026\/02\/Milosz-Bujakowski-2048x1365.jpg 2048w, https:\/\/motogymkhana.poznan.pl\/wp-content\/uploads\/2026\/02\/Milosz-Bujakowski-500x333.jpg 500w, https:\/\/motogymkhana.poznan.pl\/wp-content\/uploads\/2026\/02\/Milosz-Bujakowski-800x533.jpg 800w, https:\/\/motogymkhana.poznan.pl\/wp-content\/uploads\/2026\/02\/Milosz-Bujakowski-1280x853.jpg 1280w, https:\/\/motogymkhana.poznan.pl\/wp-content\/uploads\/2026\/02\/Milosz-Bujakowski-1920x1280.jpg 1920w\" sizes=\"(max-width: 768px) 100vw, 768px\" \/>\t\t\t\t\t\t\t\t\t\t\t\t\t\t\t<\/div>\n\t\t\t\t<\/div>\n\t\t\t\t<div class=\"elementor-element elementor-element-16372b7 elementor-widget elementor-widget-text-editor\" data-id=\"16372b7\" data-element_type=\"widget\" data-e-type=\"widget\" data-widget_type=\"text-editor.default\">\n\t\t\t\t<div class=\"elementor-widget-container\">\n\t\t\t\t\t\t\t\t\t<h5>Mi\u0142osz Bujakowski trenuje i startuje w motogymkhanie od 2020 roku, regularnie rywalizuj\u0105c w Mistrzostwach Polski. Jest dwukrotnym dru\u017cynowym medalist\u0105 Mistrzostw Europy (2023, 2024). Na co dzie\u0144 dzia\u0142a tak\u017ce jako instruktor doskonalenia techniki jazdy, \u0142\u0105cz\u0105c do\u015bwiadczenie szkoleniowe ze sportow\u0105 rywalizacj\u0105. Na torze \u015bciga si\u0119 na Hondzie CBR F4i.<\/h5>\t\t\t\t\t\t\t\t<\/div>\n\t\t\t\t<\/div>\n\t\t\t\t<div class=\"elementor-element elementor-element-dbf5f87 elementor-widget elementor-widget-text-editor\" data-id=\"dbf5f87\" data-element_type=\"widget\" data-e-type=\"widget\" data-widget_type=\"text-editor.default\">\n\t\t\t\t<div class=\"elementor-widget-container\">\n\t\t\t\t\t\t\t\t\t<h2>Maciej Norek<\/h2>\t\t\t\t\t\t\t\t<\/div>\n\t\t\t\t<\/div>\n\t\t\t\t<div class=\"elementor-element elementor-element-440a63b elementor-widget elementor-widget-image\" data-id=\"440a63b\" data-element_type=\"widget\" data-e-type=\"widget\" data-widget_type=\"image.default\">\n\t\t\t\t<div class=\"elementor-widget-container\">\n\t\t\t\t\t\t\t\t\t\t\t\t\t\t\t<img loading=\"lazy\" decoding=\"async\" width=\"768\" height=\"432\" src=\"https:\/\/motogymkhana.poznan.pl\/wp-content\/uploads\/2026\/02\/Maciej-Norek-768x432.jpg\" class=\"attachment-medium_large size-medium_large wp-image-379\" alt=\"\" srcset=\"https:\/\/motogymkhana.poznan.pl\/wp-content\/uploads\/2026\/02\/Maciej-Norek-768x432.jpg 768w, https:\/\/motogymkhana.poznan.pl\/wp-content\/uploads\/2026\/02\/Maciej-Norek-300x169.jpg 300w, https:\/\/motogymkhana.poznan.pl\/wp-content\/uploads\/2026\/02\/Maciej-Norek-1024x576.jpg 1024w, https:\/\/motogymkhana.poznan.pl\/wp-content\/uploads\/2026\/02\/Maciej-Norek-1536x864.jpg 1536w, https:\/\/motogymkhana.poznan.pl\/wp-content\/uploads\/2026\/02\/Maciej-Norek-500x281.jpg 500w, https:\/\/motogymkhana.poznan.pl\/wp-content\/uploads\/2026\/02\/Maciej-Norek-800x450.jpg 800w, https:\/\/motogymkhana.poznan.pl\/wp-content\/uploads\/2026\/02\/Maciej-Norek-1280x720.jpg 1280w, https:\/\/motogymkhana.poznan.pl\/wp-content\/uploads\/2026\/02\/Maciej-Norek.jpg 1920w\" sizes=\"(max-width: 768px) 100vw, 768px\" \/>\t\t\t\t\t\t\t\t\t\t\t\t\t\t\t<\/div>\n\t\t\t\t<\/div>\n\t\t\t\t<div class=\"elementor-element elementor-element-48f6b20 elementor-widget elementor-widget-text-editor\" data-id=\"48f6b20\" data-element_type=\"widget\" data-e-type=\"widget\" data-widget_type=\"text-editor.default\">\n\t\t\t\t<div class=\"elementor-widget-container\">\n\t\t\t\t\t\t\t\t\t<h5>Maciej Norek rozpocz\u0105\u0142 treningi motogymkhany w maju 2022 roku, a zadebiutowa\u0142 w zawodach 31 lipca 2022 w Boles\u0142awcu. W Mistrzostwach Europy startowa\u0142 w 2023 roku w Polsce oraz w 2025 roku w Chorwacji. Swoje pierwsze starty zalicza\u0142 na Suzuki SV650S, a pod koniec 2024 roku jego gara\u017c zasili\u0142a Honda CBR600RR.<\/h5>\t\t\t\t\t\t\t\t<\/div>\n\t\t\t\t<\/div>\n\t\t\t\t<div class=\"elementor-element elementor-element-4a3c648 elementor-widget elementor-widget-text-editor\" data-id=\"4a3c648\" data-element_type=\"widget\" data-e-type=\"widget\" data-widget_type=\"text-editor.default\">\n\t\t\t\t<div class=\"elementor-widget-container\">\n\t\t\t\t\t\t\t\t\t<h5>Link do kana\u0142u na Youtube oraz Instagrama Macieja:<\/h5>\t\t\t\t\t\t\t\t<\/div>\n\t\t\t\t<\/div>\n\t\t\t\t<div class=\"elementor-element elementor-element-e10ce45 elementor-widget elementor-widget-text-editor\" data-id=\"e10ce45\" data-element_type=\"widget\" data-e-type=\"widget\" data-widget_type=\"text-editor.default\">\n\t\t\t\t<div class=\"elementor-widget-container\">\n\t\t\t\t\t\t\t\t\t<h4><a href=\"https:\/\/www.youtube.com\/@noriaki_mn34\" target=\"_blank\" rel=\"noopener\">Youtube<\/a> |\u00a0 <a href=\"https:\/\/www.instagram.com\/noriaki_mn34\" target=\"_blank\" rel=\"noopener\">Instagram<\/a><\/h4>\t\t\t\t\t\t\t\t<\/div>\n\t\t\t\t<\/div>\n\t\t\t\t<div class=\"elementor-element elementor-element-6a230d5 elementor-widget elementor-widget-text-editor\" data-id=\"6a230d5\" data-element_type=\"widget\" data-e-type=\"widget\" data-widget_type=\"text-editor.default\">\n\t\t\t\t<div class=\"elementor-widget-container\">\n\t\t\t\t\t\t\t\t\t<h1>Marta B\u0105czkowska<\/h1>\t\t\t\t\t\t\t\t<\/div>\n\t\t\t\t<\/div>\n\t\t\t\t<div class=\"elementor-element elementor-element-377686e elementor-widget elementor-widget-image\" data-id=\"377686e\" data-element_type=\"widget\" data-e-type=\"widget\" data-widget_type=\"image.default\">\n\t\t\t\t<div class=\"elementor-widget-container\">\n\t\t\t\t\t\t\t\t\t\t\t\t\t\t\t<img loading=\"lazy\" decoding=\"async\" width=\"768\" height=\"512\" src=\"https:\/\/motogymkhana.poznan.pl\/wp-content\/uploads\/2026\/02\/Marta-Baczkowska-768x512.jpg\" class=\"attachment-medium_large size-medium_large wp-image-291\" alt=\"\" srcset=\"https:\/\/motogymkhana.poznan.pl\/wp-content\/uploads\/2026\/02\/Marta-Baczkowska-768x512.jpg 768w, https:\/\/motogymkhana.poznan.pl\/wp-content\/uploads\/2026\/02\/Marta-Baczkowska-300x200.jpg 300w, https:\/\/motogymkhana.poznan.pl\/wp-content\/uploads\/2026\/02\/Marta-Baczkowska-1024x683.jpg 1024w, https:\/\/motogymkhana.poznan.pl\/wp-content\/uploads\/2026\/02\/Marta-Baczkowska-500x333.jpg 500w, https:\/\/motogymkhana.poznan.pl\/wp-content\/uploads\/2026\/02\/Marta-Baczkowska-800x533.jpg 800w, https:\/\/motogymkhana.poznan.pl\/wp-content\/uploads\/2026\/02\/Marta-Baczkowska.jpg 1080w\" sizes=\"(max-width: 768px) 100vw, 768px\" \/>\t\t\t\t\t\t\t\t\t\t\t\t\t\t\t<\/div>\n\t\t\t\t<\/div>\n\t\t\t\t<div class=\"elementor-element elementor-element-2ead548 elementor-widget elementor-widget-text-editor\" data-id=\"2ead548\" data-element_type=\"widget\" data-e-type=\"widget\" data-widget_type=\"text-editor.default\">\n\t\t\t\t<div class=\"elementor-widget-container\">\n\t\t\t\t\t\t\t\t\t<h5>Marta B\u0105czkowska trenuje motogymkhan\u0119 od sierpnia 2023 (miesi\u0105c po zdaniu prawka), a swoje pierwsze zawody zaliczy\u0142a w 2024 roku w Jaworznie. Je\u017adzi na Yamaszce MT-07 z 2014 roku, konsekwentnie rozwijaj\u0105c swoje umiej\u0119tno\u015bci i zbieraj\u0105c do\u015bwiadczenie na torze. Start w Mistrzostwach Europy ma w planach. \u2014 \u201ejak wyjd\u0119 z grupy Amator\u00f3w, a Alan przestanie mi m\u00f3wi\u0107 na \u2018Pani\u2019 \ud83e\udd23\u201d.<\/h5>\t\t\t\t\t\t\t\t<\/div>\n\t\t\t\t<\/div>\n\t\t\t\t<div class=\"elementor-element elementor-element-b3596d6 elementor-widget elementor-widget-text-editor\" data-id=\"b3596d6\" data-element_type=\"widget\" data-e-type=\"widget\" data-widget_type=\"text-editor.default\">\n\t\t\t\t<div class=\"elementor-widget-container\">\n\t\t\t\t\t\t\t\t\t<h1>B\u0142a\u017cej Bujakowski<\/h1>\t\t\t\t\t\t\t\t<\/div>\n\t\t\t\t<\/div>\n\t\t\t\t<div class=\"elementor-element elementor-element-5751dac elementor-widget elementor-widget-image\" data-id=\"5751dac\" data-element_type=\"widget\" data-e-type=\"widget\" data-widget_type=\"image.default\">\n\t\t\t\t<div class=\"elementor-widget-container\">\n\t\t\t\t\t\t\t\t\t\t\t\t\t\t\t<img loading=\"lazy\" decoding=\"async\" width=\"768\" height=\"512\" src=\"https:\/\/motogymkhana.poznan.pl\/wp-content\/uploads\/2026\/02\/Blazej-Bujakowski-768x512.jpg\" class=\"attachment-medium_large size-medium_large wp-image-299\" alt=\"\" srcset=\"https:\/\/motogymkhana.poznan.pl\/wp-content\/uploads\/2026\/02\/Blazej-Bujakowski-768x512.jpg 768w, https:\/\/motogymkhana.poznan.pl\/wp-content\/uploads\/2026\/02\/Blazej-Bujakowski-300x200.jpg 300w, https:\/\/motogymkhana.poznan.pl\/wp-content\/uploads\/2026\/02\/Blazej-Bujakowski-1024x683.jpg 1024w, https:\/\/motogymkhana.poznan.pl\/wp-content\/uploads\/2026\/02\/Blazej-Bujakowski-1536x1024.jpg 1536w, https:\/\/motogymkhana.poznan.pl\/wp-content\/uploads\/2026\/02\/Blazej-Bujakowski-500x333.jpg 500w, https:\/\/motogymkhana.poznan.pl\/wp-content\/uploads\/2026\/02\/Blazej-Bujakowski-800x533.jpg 800w, https:\/\/motogymkhana.poznan.pl\/wp-content\/uploads\/2026\/02\/Blazej-Bujakowski-1280x853.jpg 1280w, https:\/\/motogymkhana.poznan.pl\/wp-content\/uploads\/2026\/02\/Blazej-Bujakowski-1920x1280.jpg 1920w, https:\/\/motogymkhana.poznan.pl\/wp-content\/uploads\/2026\/02\/Blazej-Bujakowski.jpg 2048w\" sizes=\"(max-width: 768px) 100vw, 768px\" \/>\t\t\t\t\t\t\t\t\t\t\t\t\t\t\t<\/div>\n\t\t\t\t<\/div>\n\t\t\t\t<div class=\"elementor-element elementor-element-5ceb976 elementor-widget elementor-widget-text-editor\" data-id=\"5ceb976\" data-element_type=\"widget\" data-e-type=\"widget\" data-widget_type=\"text-editor.default\">\n\t\t\t\t<div class=\"elementor-widget-container\">\n\t\t\t\t\t\t\t\t\t<h5>B\u0142a\u017cej Bujakowski zadebiutowa\u0142 w motogymkhanie w 2025 roku. Startuje jako zawodnik z prawem jazdy kategorii AM na motocyklu Junak 906 i zapisa\u0142 si\u0119 w historii jako najm\u0142odszy debiutant w Mistrzostwach Polski \u2014 na starcie mia\u0142 zaledwie 14 lat.<\/h5>\t\t\t\t\t\t\t\t<\/div>\n\t\t\t\t<\/div>\n\t\t\t\t<div class=\"elementor-element elementor-element-72b9ec6 elementor-widget elementor-widget-text-editor\" data-id=\"72b9ec6\" data-element_type=\"widget\" data-e-type=\"widget\" data-widget_type=\"text-editor.default\">\n\t\t\t\t<div class=\"elementor-widget-container\">\n\t\t\t\t\t\t\t\t\t<h1>Jaros\u0142aw Celmer<\/h1>\t\t\t\t\t\t\t\t<\/div>\n\t\t\t\t<\/div>\n\t\t\t\t<div class=\"elementor-element elementor-element-09c3a84 elementor-widget elementor-widget-image\" data-id=\"09c3a84\" data-element_type=\"widget\" data-e-type=\"widget\" data-widget_type=\"image.default\">\n\t\t\t\t<div class=\"elementor-widget-container\">\n\t\t\t\t\t\t\t\t\t\t\t\t\t\t\t<img loading=\"lazy\" decoding=\"async\" width=\"768\" height=\"512\" src=\"https:\/\/motogymkhana.poznan.pl\/wp-content\/uploads\/2026\/02\/Jaroslaw-Celmer-768x512.jpg\" class=\"attachment-medium_large size-medium_large wp-image-300\" alt=\"\" srcset=\"https:\/\/motogymkhana.poznan.pl\/wp-content\/uploads\/2026\/02\/Jaroslaw-Celmer-768x512.jpg 768w, https:\/\/motogymkhana.poznan.pl\/wp-content\/uploads\/2026\/02\/Jaroslaw-Celmer-300x200.jpg 300w, https:\/\/motogymkhana.poznan.pl\/wp-content\/uploads\/2026\/02\/Jaroslaw-Celmer-1024x683.jpg 1024w, https:\/\/motogymkhana.poznan.pl\/wp-content\/uploads\/2026\/02\/Jaroslaw-Celmer-500x333.jpg 500w, https:\/\/motogymkhana.poznan.pl\/wp-content\/uploads\/2026\/02\/Jaroslaw-Celmer-800x533.jpg 800w, https:\/\/motogymkhana.poznan.pl\/wp-content\/uploads\/2026\/02\/Jaroslaw-Celmer.jpg 1080w\" sizes=\"(max-width: 768px) 100vw, 768px\" \/>\t\t\t\t\t\t\t\t\t\t\t\t\t\t\t<\/div>\n\t\t\t\t<\/div>\n\t\t\t\t<div class=\"elementor-element elementor-element-6479eca elementor-widget elementor-widget-text-editor\" data-id=\"6479eca\" data-element_type=\"widget\" data-e-type=\"widget\" data-widget_type=\"text-editor.default\">\n\t\t\t\t<div class=\"elementor-widget-container\">\n\t\t\t\t\t\t\t\t\t<h5>Jaros\u0142aw Celmer, instruktor nauki i techniki jazdy, zadebiutowa\u0142 w zawodach Gymkhana GP w czerwcu 2023 roku, a w tym samym sezonie wystartowa\u0142 tak\u017ce w Mistrzostwach Europy w Polsce na elektrycznym Surronie Storm Bee R, ko\u0144cz\u0105c sezon w okolicach 8. miejsca w klasyfikacji generalnej w kraju. W 2024 roku rywalizowa\u0142 w Mistrzostwach Europy w Czechach, a sezon w Polsce zako\u0144czy\u0142 w przybli\u017ceniu na 5. pozycji w generalce. W sezonie 2025 przesiad\u0142 si\u0119 na modele Surron Ultra Bee oraz Yamaha BT1100, notuj\u0105c wyniki w okolicach 11. miejsca w klasyfikacji generalnej. \u270c\ufe0f<\/h5>\t\t\t\t\t\t\t\t<\/div>\n\t\t\t\t<\/div>\n\t\t\t\t<div class=\"elementor-element elementor-element-2059a03 elementor-widget elementor-widget-text-editor\" data-id=\"2059a03\" data-element_type=\"widget\" data-e-type=\"widget\" data-widget_type=\"text-editor.default\">\n\t\t\t\t<div class=\"elementor-widget-container\">\n\t\t\t\t\t\t\t\t\t<h1>Miko\u0142aj Dreczka<\/h1>\t\t\t\t\t\t\t\t<\/div>\n\t\t\t\t<\/div>\n\t\t\t\t<div class=\"elementor-element elementor-element-15d2aa7 elementor-widget elementor-widget-image\" data-id=\"15d2aa7\" data-element_type=\"widget\" data-e-type=\"widget\" data-widget_type=\"image.default\">\n\t\t\t\t<div class=\"elementor-widget-container\">\n\t\t\t\t\t\t\t\t\t\t\t\t\t\t\t<img loading=\"lazy\" decoding=\"async\" width=\"768\" height=\"512\" src=\"https:\/\/motogymkhana.poznan.pl\/wp-content\/uploads\/2026\/02\/mikolaj-dreczka-768x512.jpg\" class=\"attachment-medium_large size-medium_large wp-image-352\" alt=\"\" srcset=\"https:\/\/motogymkhana.poznan.pl\/wp-content\/uploads\/2026\/02\/mikolaj-dreczka-768x512.jpg 768w, https:\/\/motogymkhana.poznan.pl\/wp-content\/uploads\/2026\/02\/mikolaj-dreczka-300x200.jpg 300w, https:\/\/motogymkhana.poznan.pl\/wp-content\/uploads\/2026\/02\/mikolaj-dreczka-1024x683.jpg 1024w, https:\/\/motogymkhana.poznan.pl\/wp-content\/uploads\/2026\/02\/mikolaj-dreczka-1536x1024.jpg 1536w, https:\/\/motogymkhana.poznan.pl\/wp-content\/uploads\/2026\/02\/mikolaj-dreczka-500x333.jpg 500w, https:\/\/motogymkhana.poznan.pl\/wp-content\/uploads\/2026\/02\/mikolaj-dreczka-800x533.jpg 800w, https:\/\/motogymkhana.poznan.pl\/wp-content\/uploads\/2026\/02\/mikolaj-dreczka-1280x853.jpg 1280w, https:\/\/motogymkhana.poznan.pl\/wp-content\/uploads\/2026\/02\/mikolaj-dreczka-1920x1280.jpg 1920w, https:\/\/motogymkhana.poznan.pl\/wp-content\/uploads\/2026\/02\/mikolaj-dreczka.jpg 2048w\" sizes=\"(max-width: 768px) 100vw, 768px\" \/>\t\t\t\t\t\t\t\t\t\t\t\t\t\t\t<\/div>\n\t\t\t\t<\/div>\n\t\t\t\t<div class=\"elementor-element elementor-element-62c88fd elementor-widget elementor-widget-text-editor\" data-id=\"62c88fd\" data-element_type=\"widget\" data-e-type=\"widget\" data-widget_type=\"text-editor.default\">\n\t\t\t\t<div class=\"elementor-widget-container\">\n\t\t\t\t\t\t\t\t\t<h5>Miko\u0142aj Dreczka rozpocz\u0105\u0142 treningi motogymkhany w 2023 roku, a w Mistrzostwach Polski zadebiutowa\u0142 w 2024 roku podczas zawod\u00f3w w Jaworznie. Startuje na Hondzie CBR F3, a od sezonu 2026 planuje przesiadk\u0119 na model CBR F4i, konsekwentnie rozwijaj\u0105c swoje umiej\u0119tno\u015bci w sportowej je\u017adzie precyzyjnej.<\/h5>\t\t\t\t\t\t\t\t<\/div>\n\t\t\t\t<\/div>\n\t\t\t\t<div class=\"elementor-element elementor-element-1afacbe elementor-widget elementor-widget-text-editor\" data-id=\"1afacbe\" data-element_type=\"widget\" data-e-type=\"widget\" data-widget_type=\"text-editor.default\">\n\t\t\t\t<div class=\"elementor-widget-container\">\n\t\t\t\t\t\t\t\t\t<h1>Alan Lesi\u0144ski<\/h1>\t\t\t\t\t\t\t\t<\/div>\n\t\t\t\t<\/div>\n\t\t\t\t<div class=\"elementor-element elementor-element-cacaf27 elementor-widget elementor-widget-image\" data-id=\"cacaf27\" data-element_type=\"widget\" data-e-type=\"widget\" data-widget_type=\"image.default\">\n\t\t\t\t<div class=\"elementor-widget-container\">\n\t\t\t\t\t\t\t\t\t\t\t\t\t\t\t<img loading=\"lazy\" decoding=\"async\" width=\"768\" height=\"432\" src=\"https:\/\/motogymkhana.poznan.pl\/wp-content\/uploads\/2026\/02\/Alan-Lesinski-768x432.jpg\" class=\"attachment-medium_large size-medium_large wp-image-304\" alt=\"\" srcset=\"https:\/\/motogymkhana.poznan.pl\/wp-content\/uploads\/2026\/02\/Alan-Lesinski-768x432.jpg 768w, https:\/\/motogymkhana.poznan.pl\/wp-content\/uploads\/2026\/02\/Alan-Lesinski-300x169.jpg 300w, https:\/\/motogymkhana.poznan.pl\/wp-content\/uploads\/2026\/02\/Alan-Lesinski-1024x576.jpg 1024w, https:\/\/motogymkhana.poznan.pl\/wp-content\/uploads\/2026\/02\/Alan-Lesinski-1536x863.jpg 1536w, https:\/\/motogymkhana.poznan.pl\/wp-content\/uploads\/2026\/02\/Alan-Lesinski-500x281.jpg 500w, https:\/\/motogymkhana.poznan.pl\/wp-content\/uploads\/2026\/02\/Alan-Lesinski-800x450.jpg 800w, https:\/\/motogymkhana.poznan.pl\/wp-content\/uploads\/2026\/02\/Alan-Lesinski-1280x719.jpg 1280w, https:\/\/motogymkhana.poznan.pl\/wp-content\/uploads\/2026\/02\/Alan-Lesinski-1920x1079.jpg 1920w, https:\/\/motogymkhana.poznan.pl\/wp-content\/uploads\/2026\/02\/Alan-Lesinski.jpg 2048w\" sizes=\"(max-width: 768px) 100vw, 768px\" \/>\t\t\t\t\t\t\t\t\t\t\t\t\t\t\t<\/div>\n\t\t\t\t<\/div>\n\t\t\t\t<div class=\"elementor-element elementor-element-6e57f39 elementor-widget elementor-widget-text-editor\" data-id=\"6e57f39\" data-element_type=\"widget\" data-e-type=\"widget\" data-widget_type=\"text-editor.default\">\n\t\t\t\t<div class=\"elementor-widget-container\">\n\t\t\t\t\t\t\t\t\t<h5>Alan Lesi\u0144ski prawo jazdy zdoby\u0142 w maju 2025 roku i od razu rozpocz\u0105\u0142 treningi motogymkhany. W tym samym sezonie zadebiutowa\u0142 w zawodach w Boles\u0142awcu, szybko awansuj\u0105c do klasy Pretendent, w kt\u00f3rej pozosta\u0142 do ko\u0144ca sezonu. Jego celem jest dalszy rozw\u00f3j i przej\u015bcie do klasy Pro. Startuje na Aprilii SX 125 z 2022 roku.<\/h5>\t\t\t\t\t\t\t\t<\/div>\n\t\t\t\t<\/div>\n\t\t\t\t<div class=\"elementor-element elementor-element-ecf0c04 elementor-widget elementor-widget-text-editor\" data-id=\"ecf0c04\" data-element_type=\"widget\" data-e-type=\"widget\" data-widget_type=\"text-editor.default\">\n\t\t\t\t<div class=\"elementor-widget-container\">\n\t\t\t\t\t\t\t\t\t<h5>Link do Youtube&#8217;a i instagrama Alana:<\/h5>\t\t\t\t\t\t\t\t<\/div>\n\t\t\t\t<\/div>\n\t\t\t\t<div class=\"elementor-element elementor-element-7a8ec9b elementor-widget elementor-widget-text-editor\" data-id=\"7a8ec9b\" data-element_type=\"widget\" data-e-type=\"widget\" data-widget_type=\"text-editor.default\">\n\t\t\t\t<div class=\"elementor-widget-container\">\n\t\t\t\t\t\t\t\t\t<h4><a href=\"https:\/\/www.youtube.com\/@lesina.supermoto\" target=\"_blank\" rel=\"noopener\">Youtube<\/a> | <a href=\"https:\/\/www.instagram.com\/lesina.6\/\" target=\"_blank\" rel=\"noopener\">Instagram<\/a><\/h4>\t\t\t\t\t\t\t\t<\/div>\n\t\t\t\t<\/div>\n\t\t\t\t<div class=\"elementor-element elementor-element-77dfa52 elementor-widget elementor-widget-text-editor\" data-id=\"77dfa52\" data-element_type=\"widget\" data-e-type=\"widget\" data-widget_type=\"text-editor.default\">\n\t\t\t\t<div class=\"elementor-widget-container\">\n\t\t\t\t\t\t\t\t\t<h1>Tomasz Lesi\u0144ski<\/h1>\t\t\t\t\t\t\t\t<\/div>\n\t\t\t\t<\/div>\n\t\t\t\t<div class=\"elementor-element elementor-element-fbb7bd1 elementor-widget elementor-widget-image\" data-id=\"fbb7bd1\" data-element_type=\"widget\" data-e-type=\"widget\" data-widget_type=\"image.default\">\n\t\t\t\t<div class=\"elementor-widget-container\">\n\t\t\t\t\t\t\t\t\t\t\t\t\t\t\t<img loading=\"lazy\" decoding=\"async\" width=\"768\" height=\"512\" src=\"https:\/\/motogymkhana.poznan.pl\/wp-content\/uploads\/2026\/02\/tomasz-lesinski-768x512.jpg\" class=\"attachment-medium_large size-medium_large wp-image-351\" alt=\"\" srcset=\"https:\/\/motogymkhana.poznan.pl\/wp-content\/uploads\/2026\/02\/tomasz-lesinski-768x512.jpg 768w, https:\/\/motogymkhana.poznan.pl\/wp-content\/uploads\/2026\/02\/tomasz-lesinski-300x200.jpg 300w, https:\/\/motogymkhana.poznan.pl\/wp-content\/uploads\/2026\/02\/tomasz-lesinski-1024x683.jpg 1024w, https:\/\/motogymkhana.poznan.pl\/wp-content\/uploads\/2026\/02\/tomasz-lesinski-1536x1024.jpg 1536w, https:\/\/motogymkhana.poznan.pl\/wp-content\/uploads\/2026\/02\/tomasz-lesinski-500x333.jpg 500w, https:\/\/motogymkhana.poznan.pl\/wp-content\/uploads\/2026\/02\/tomasz-lesinski-800x533.jpg 800w, https:\/\/motogymkhana.poznan.pl\/wp-content\/uploads\/2026\/02\/tomasz-lesinski-1280x853.jpg 1280w, https:\/\/motogymkhana.poznan.pl\/wp-content\/uploads\/2026\/02\/tomasz-lesinski-1920x1280.jpg 1920w, https:\/\/motogymkhana.poznan.pl\/wp-content\/uploads\/2026\/02\/tomasz-lesinski.jpg 2048w\" sizes=\"(max-width: 768px) 100vw, 768px\" \/>\t\t\t\t\t\t\t\t\t\t\t\t\t\t\t<\/div>\n\t\t\t\t<\/div>\n\t\t\t\t<div class=\"elementor-element elementor-element-9c499c7 elementor-widget elementor-widget-text-editor\" data-id=\"9c499c7\" data-element_type=\"widget\" data-e-type=\"widget\" data-widget_type=\"text-editor.default\">\n\t\t\t\t<div class=\"elementor-widget-container\">\n\t\t\t\t\t\t\t\t\t<h5>Tomek Lesi\u0144ski prawo jazdy zdoby\u0142 w 2020 roku, a sw\u00f3j pierwszy motocykl kupi\u0142 rok p\u00f3\u017aniej. W latach 2021\u20132022 stawia\u0142 pierwsze kroki w je\u017adzie precyzyjnej, buduj\u0105c technik\u0119 i kontrol\u0119 nad motocyklem. Treningi motogymkhany rozpocz\u0105\u0142 w 2023 roku, a w Mistrzostwach Polski zadebiutowa\u0142 w sezonie 2025. Trenuje i startuje na Suzuki GSR 600.<\/h5>\t\t\t\t\t\t\t\t<\/div>\n\t\t\t\t<\/div>\n\t\t\t\t<div class=\"elementor-element elementor-element-4bd6779 elementor-widget elementor-widget-text-editor\" data-id=\"4bd6779\" data-element_type=\"widget\" data-e-type=\"widget\" data-widget_type=\"text-editor.default\">\n\t\t\t\t<div class=\"elementor-widget-container\">\n\t\t\t\t\t\t\t\t\t<h1>Micha\u0142 Piotrowski<\/h1>\t\t\t\t\t\t\t\t<\/div>\n\t\t\t\t<\/div>\n\t\t\t\t<div class=\"elementor-element elementor-element-725c5dd elementor-widget elementor-widget-image\" data-id=\"725c5dd\" data-element_type=\"widget\" data-e-type=\"widget\" data-widget_type=\"image.default\">\n\t\t\t\t<div class=\"elementor-widget-container\">\n\t\t\t\t\t\t\t\t\t\t\t\t\t\t\t<img loading=\"lazy\" decoding=\"async\" width=\"768\" height=\"512\" src=\"https:\/\/motogymkhana.poznan.pl\/wp-content\/uploads\/2026\/02\/Michal-Piotrowski-768x512.jpg\" class=\"attachment-medium_large size-medium_large wp-image-309\" alt=\"\" srcset=\"https:\/\/motogymkhana.poznan.pl\/wp-content\/uploads\/2026\/02\/Michal-Piotrowski-768x512.jpg 768w, https:\/\/motogymkhana.poznan.pl\/wp-content\/uploads\/2026\/02\/Michal-Piotrowski-300x200.jpg 300w, https:\/\/motogymkhana.poznan.pl\/wp-content\/uploads\/2026\/02\/Michal-Piotrowski-1024x683.jpg 1024w, https:\/\/motogymkhana.poznan.pl\/wp-content\/uploads\/2026\/02\/Michal-Piotrowski-1536x1024.jpg 1536w, https:\/\/motogymkhana.poznan.pl\/wp-content\/uploads\/2026\/02\/Michal-Piotrowski-2048x1365.jpg 2048w, https:\/\/motogymkhana.poznan.pl\/wp-content\/uploads\/2026\/02\/Michal-Piotrowski-500x333.jpg 500w, https:\/\/motogymkhana.poznan.pl\/wp-content\/uploads\/2026\/02\/Michal-Piotrowski-800x533.jpg 800w, https:\/\/motogymkhana.poznan.pl\/wp-content\/uploads\/2026\/02\/Michal-Piotrowski-1280x853.jpg 1280w, https:\/\/motogymkhana.poznan.pl\/wp-content\/uploads\/2026\/02\/Michal-Piotrowski-1920x1280.jpg 1920w\" sizes=\"(max-width: 768px) 100vw, 768px\" \/>\t\t\t\t\t\t\t\t\t\t\t\t\t\t\t<\/div>\n\t\t\t\t<\/div>\n\t\t\t\t<div class=\"elementor-element elementor-element-83a28b5 elementor-widget elementor-widget-text-editor\" data-id=\"83a28b5\" data-element_type=\"widget\" data-e-type=\"widget\" data-widget_type=\"text-editor.default\">\n\t\t\t\t<div class=\"elementor-widget-container\">\n\t\t\t\t\t\t\t\t\t<h5 data-start=\"0\" data-end=\"274\">Micha\u0142 Piotrowski pierwsze treningi motogymkhany odby\u0142 w 2023 roku, rok po zdobyciu prawa jazdy kategorii A. Sw\u00f3j debiutancki sezon startowy rozpocz\u0105\u0142 w maju 2024 podczas rundy Gymkhana GP, gdzie \u0142\u0105cznie wystartowa\u0142 cztery razy, stopniowo zwi\u0119kszaj\u0105c te\u017c liczb\u0119 trening\u00f3w.<\/h5><h5 data-start=\"276\" data-end=\"604\">Sezon 2025 by\u0142 ju\u017c w pe\u0142ni startowy \u2014 obejmowa\u0142 wszystkie rundy krajowe, udzia\u0142 w Mistrzostwach Europy w Chorwacji oraz jedn\u0105 rund\u0119 w Czechach, przy znacznie intensywniejszym cyklu treningowym. W tym samym roku awansowa\u0142 najpierw do klasy Pretendent, a nast\u0119pnie do klasy Pro \u2014 jak sam podkre\u015bla, z natury jest niecierpliwy \ud83d\ude43<\/h5><h5 data-start=\"606\" data-end=\"659\">Na torze je\u017adzi na Suzuki GSX-R 750 SRAD z 1999 roku.<\/h5>\t\t\t\t\t\t\t\t<\/div>\n\t\t\t\t<\/div>\n\t\t\t\t<div class=\"elementor-element elementor-element-fa539c5 elementor-widget elementor-widget-text-editor\" data-id=\"fa539c5\" data-element_type=\"widget\" data-e-type=\"widget\" data-widget_type=\"text-editor.default\">\n\t\t\t\t<div class=\"elementor-widget-container\">\n\t\t\t\t\t\t\t\t\t<h2>Micha\u0142 Go\u017adzik<\/h2>\t\t\t\t\t\t\t\t<\/div>\n\t\t\t\t<\/div>\n\t\t\t\t<div class=\"elementor-element elementor-element-8fa8959 elementor-widget elementor-widget-image\" data-id=\"8fa8959\" data-element_type=\"widget\" data-e-type=\"widget\" data-widget_type=\"image.default\">\n\t\t\t\t<div class=\"elementor-widget-container\">\n\t\t\t\t\t\t\t\t\t\t\t\t\t\t\t<img loading=\"lazy\" decoding=\"async\" width=\"768\" height=\"512\" src=\"https:\/\/motogymkhana.poznan.pl\/wp-content\/uploads\/2026\/02\/Michal-Gozdzik-1-768x512.jpg\" class=\"attachment-medium_large size-medium_large wp-image-469\" alt=\"\" srcset=\"https:\/\/motogymkhana.poznan.pl\/wp-content\/uploads\/2026\/02\/Michal-Gozdzik-1-768x512.jpg 768w, https:\/\/motogymkhana.poznan.pl\/wp-content\/uploads\/2026\/02\/Michal-Gozdzik-1-300x200.jpg 300w, https:\/\/motogymkhana.poznan.pl\/wp-content\/uploads\/2026\/02\/Michal-Gozdzik-1-1024x683.jpg 1024w, https:\/\/motogymkhana.poznan.pl\/wp-content\/uploads\/2026\/02\/Michal-Gozdzik-1-500x333.jpg 500w, https:\/\/motogymkhana.poznan.pl\/wp-content\/uploads\/2026\/02\/Michal-Gozdzik-1-800x533.jpg 800w, https:\/\/motogymkhana.poznan.pl\/wp-content\/uploads\/2026\/02\/Michal-Gozdzik-1.jpg 1080w\" sizes=\"(max-width: 768px) 100vw, 768px\" \/>\t\t\t\t\t\t\t\t\t\t\t\t\t\t\t<\/div>\n\t\t\t\t<\/div>\n\t\t\t\t<div class=\"elementor-element elementor-element-936ffda elementor-widget elementor-widget-text-editor\" data-id=\"936ffda\" data-element_type=\"widget\" data-e-type=\"widget\" data-widget_type=\"text-editor.default\">\n\t\t\t\t<div class=\"elementor-widget-container\">\n\t\t\t\t\t\t\t\t\t<h5>Micha\u0142 G\u00f3\u017adzik to instruktor techniki jazdy i nauki jazdy, z motogymkhan\u0105 zwi\u0105zany od wielu lat, a w zawodach startuje od zaledwie trzech sezon\u00f3w. Jest rekordzist\u0105 Polski, znanym z niecodziennego wyczynu \u2014 podczas jednej rundy jako jedyny TRZYKROTNIE pomyli\u0142 tras\u0119.<\/h5><h5>Kr\u0105\u017cy plotka, \u017ce kiedy\u015b pomyli\u0142 tras\u0119 we windzie&#8230;<\/h5><h5>\u00a0<\/h5>\t\t\t\t\t\t\t\t<\/div>\n\t\t\t\t<\/div>\n\t\t\t\t<div class=\"elementor-element elementor-element-f30cc85 elementor-widget elementor-widget-text-editor\" data-id=\"f30cc85\" data-element_type=\"widget\" data-e-type=\"widget\" data-widget_type=\"text-editor.default\">\n\t\t\t\t<div class=\"elementor-widget-container\">\n\t\t\t\t\t\t\t\t\t<h2>Pawe\u0142 Kardach<\/h2>\t\t\t\t\t\t\t\t<\/div>\n\t\t\t\t<\/div>\n\t\t\t\t<div class=\"elementor-element elementor-element-d0a39b8 elementor-widget elementor-widget-image\" data-id=\"d0a39b8\" data-element_type=\"widget\" data-e-type=\"widget\" data-widget_type=\"image.default\">\n\t\t\t\t<div class=\"elementor-widget-container\">\n\t\t\t\t\t\t\t\t\t\t\t\t\t\t\t<img loading=\"lazy\" decoding=\"async\" width=\"768\" height=\"768\" src=\"https:\/\/motogymkhana.poznan.pl\/wp-content\/uploads\/2026\/02\/Pawel-Kardach-768x768.jpg\" class=\"attachment-medium_large size-medium_large wp-image-366\" alt=\"\" srcset=\"https:\/\/motogymkhana.poznan.pl\/wp-content\/uploads\/2026\/02\/Pawel-Kardach-768x768.jpg 768w, https:\/\/motogymkhana.poznan.pl\/wp-content\/uploads\/2026\/02\/Pawel-Kardach-300x300.jpg 300w, https:\/\/motogymkhana.poznan.pl\/wp-content\/uploads\/2026\/02\/Pawel-Kardach-1024x1024.jpg 1024w, https:\/\/motogymkhana.poznan.pl\/wp-content\/uploads\/2026\/02\/Pawel-Kardach-150x150.jpg 150w, https:\/\/motogymkhana.poznan.pl\/wp-content\/uploads\/2026\/02\/Pawel-Kardach-500x500.jpg 500w, https:\/\/motogymkhana.poznan.pl\/wp-content\/uploads\/2026\/02\/Pawel-Kardach-800x800.jpg 800w, https:\/\/motogymkhana.poznan.pl\/wp-content\/uploads\/2026\/02\/Pawel-Kardach.jpg 1200w\" sizes=\"(max-width: 768px) 100vw, 768px\" \/>\t\t\t\t\t\t\t\t\t\t\t\t\t\t\t<\/div>\n\t\t\t\t<\/div>\n\t\t\t\t<div class=\"elementor-element elementor-element-9db44c5 elementor-widget elementor-widget-text-editor\" data-id=\"9db44c5\" data-element_type=\"widget\" data-e-type=\"widget\" data-widget_type=\"text-editor.default\">\n\t\t\t\t<div class=\"elementor-widget-container\">\n\t\t\t\t\t\t\t\t\t<h5>Pawe\u0142 Kardach rozpocz\u0105\u0142 treningi motogymkhany wiosn\u0105 2024 roku, a sw\u00f3j pierwszy start w zawodach zaliczy\u0142 w sierpniu tego samego roku w Jaworznie.<\/h5>\t\t\t\t\t\t\t\t<\/div>\n\t\t\t\t<\/div>\n\t\t\t\t<div class=\"elementor-element elementor-element-d21f1ee elementor-widget elementor-widget-text-editor\" data-id=\"d21f1ee\" data-element_type=\"widget\" data-e-type=\"widget\" data-widget_type=\"text-editor.default\">\n\t\t\t\t<div class=\"elementor-widget-container\">\n\t\t\t\t\t\t\t\t\t<h2>Maciej Kasprzyk<\/h2>\t\t\t\t\t\t\t\t<\/div>\n\t\t\t\t<\/div>\n\t\t\t\t<div class=\"elementor-element elementor-element-91ba7de elementor-widget elementor-widget-image\" data-id=\"91ba7de\" data-element_type=\"widget\" data-e-type=\"widget\" data-widget_type=\"image.default\">\n\t\t\t\t<div class=\"elementor-widget-container\">\n\t\t\t\t\t\t\t\t\t\t\t\t\t\t\t<img loading=\"lazy\" decoding=\"async\" width=\"768\" height=\"425\" src=\"https:\/\/motogymkhana.poznan.pl\/wp-content\/uploads\/2026\/02\/Maciej-Kasprzyk-768x425.jpeg\" class=\"attachment-medium_large size-medium_large wp-image-410\" alt=\"\" srcset=\"https:\/\/motogymkhana.poznan.pl\/wp-content\/uploads\/2026\/02\/Maciej-Kasprzyk-768x425.jpeg 768w, https:\/\/motogymkhana.poznan.pl\/wp-content\/uploads\/2026\/02\/Maciej-Kasprzyk-300x166.jpeg 300w, https:\/\/motogymkhana.poznan.pl\/wp-content\/uploads\/2026\/02\/Maciej-Kasprzyk-1024x566.jpeg 1024w, https:\/\/motogymkhana.poznan.pl\/wp-content\/uploads\/2026\/02\/Maciej-Kasprzyk-1536x849.jpeg 1536w, https:\/\/motogymkhana.poznan.pl\/wp-content\/uploads\/2026\/02\/Maciej-Kasprzyk-500x276.jpeg 500w, https:\/\/motogymkhana.poznan.pl\/wp-content\/uploads\/2026\/02\/Maciej-Kasprzyk-800x442.jpeg 800w, https:\/\/motogymkhana.poznan.pl\/wp-content\/uploads\/2026\/02\/Maciej-Kasprzyk-1280x708.jpeg 1280w, https:\/\/motogymkhana.poznan.pl\/wp-content\/uploads\/2026\/02\/Maciej-Kasprzyk-1920x1061.jpeg 1920w, https:\/\/motogymkhana.poznan.pl\/wp-content\/uploads\/2026\/02\/Maciej-Kasprzyk.jpeg 2048w\" sizes=\"(max-width: 768px) 100vw, 768px\" \/>\t\t\t\t\t\t\t\t\t\t\t\t\t\t\t<\/div>\n\t\t\t\t<\/div>\n\t\t\t\t<div class=\"elementor-element elementor-element-f0595f1 elementor-widget elementor-widget-text-editor\" data-id=\"f0595f1\" data-element_type=\"widget\" data-e-type=\"widget\" data-widget_type=\"text-editor.default\">\n\t\t\t\t<div class=\"elementor-widget-container\">\n\t\t\t\t\t\t\t\t\t<h5>Maciej Kasprzyk rozpocz\u0105\u0142 starty w motogymkhanie w 2024 roku, rywalizuj\u0105c na motocyklu typu Supermoto. Pocz\u0105tkowo jego wyniki by\u0142y ograniczone przez nauk\u0119 specyfiki konkurencji oraz adaptacj\u0119 ustawie\u0144 i techniki do bardzo wymagaj\u0105cych tras. Zdobyte do\u015bwiadczenie szybko prze\u0142o\u017cy\u0142o si\u0119 na post\u0119p i coraz pewniejsze przejazdy.<\/h5>\t\t\t\t\t\t\t\t<\/div>\n\t\t\t\t<\/div>\n\t\t\t\t<div class=\"elementor-element elementor-element-22fdda6 elementor-widget elementor-widget-text-editor\" data-id=\"22fdda6\" data-element_type=\"widget\" data-e-type=\"widget\" data-widget_type=\"text-editor.default\">\n\t\t\t\t<div class=\"elementor-widget-container\">\n\t\t\t\t\t\t\t\t\t<h2>Tomasz K\u0142opocki<\/h2>\t\t\t\t\t\t\t\t<\/div>\n\t\t\t\t<\/div>\n\t\t\t\t<div class=\"elementor-element elementor-element-69d301d elementor-widget elementor-widget-image\" data-id=\"69d301d\" data-element_type=\"widget\" data-e-type=\"widget\" data-widget_type=\"image.default\">\n\t\t\t\t<div class=\"elementor-widget-container\">\n\t\t\t\t\t\t\t\t\t\t\t\t\t\t\t<img loading=\"lazy\" decoding=\"async\" width=\"768\" height=\"1369\" src=\"https:\/\/motogymkhana.poznan.pl\/wp-content\/uploads\/2026\/02\/Tomasz-Klopocki-768x1369.jpg\" class=\"attachment-medium_large size-medium_large wp-image-368\" alt=\"\" srcset=\"https:\/\/motogymkhana.poznan.pl\/wp-content\/uploads\/2026\/02\/Tomasz-Klopocki-768x1369.jpg 768w, https:\/\/motogymkhana.poznan.pl\/wp-content\/uploads\/2026\/02\/Tomasz-Klopocki-168x300.jpg 168w, https:\/\/motogymkhana.poznan.pl\/wp-content\/uploads\/2026\/02\/Tomasz-Klopocki-574x1024.jpg 574w, https:\/\/motogymkhana.poznan.pl\/wp-content\/uploads\/2026\/02\/Tomasz-Klopocki-862x1536.jpg 862w, https:\/\/motogymkhana.poznan.pl\/wp-content\/uploads\/2026\/02\/Tomasz-Klopocki-1149x2048.jpg 1149w, https:\/\/motogymkhana.poznan.pl\/wp-content\/uploads\/2026\/02\/Tomasz-Klopocki-500x891.jpg 500w, https:\/\/motogymkhana.poznan.pl\/wp-content\/uploads\/2026\/02\/Tomasz-Klopocki-800x1426.jpg 800w, https:\/\/motogymkhana.poznan.pl\/wp-content\/uploads\/2026\/02\/Tomasz-Klopocki-1280x2282.jpg 1280w, https:\/\/motogymkhana.poznan.pl\/wp-content\/uploads\/2026\/02\/Tomasz-Klopocki-1920x3423.jpg 1920w, https:\/\/motogymkhana.poznan.pl\/wp-content\/uploads\/2026\/02\/Tomasz-Klopocki-scaled.jpg 1436w\" sizes=\"(max-width: 768px) 100vw, 768px\" \/>\t\t\t\t\t\t\t\t\t\t\t\t\t\t\t<\/div>\n\t\t\t\t<\/div>\n\t\t\t\t<div class=\"elementor-element elementor-element-b399e56 elementor-widget elementor-widget-text-editor\" data-id=\"b399e56\" data-element_type=\"widget\" data-e-type=\"widget\" data-widget_type=\"text-editor.default\">\n\t\t\t\t<div class=\"elementor-widget-container\">\n\t\t\t\t\t\t\t\t\t<div class=\"text-base my-auto mx-auto pb-10 [--thread-content-margin:--spacing(4)] @w-sm\/main:[--thread-content-margin:--spacing(6)] @w-lg\/main:[--thread-content-margin:--spacing(16)] px-(--thread-content-margin)\"><div class=\"[--thread-content-max-width:40rem] @w-lg\/main:[--thread-content-max-width:48rem] mx-auto max-w-(--thread-content-max-width) flex-1 group\/turn-messages focus-visible:outline-hidden relative flex w-full min-w-0 flex-col agent-turn\" tabindex=\"-1\"><div class=\"flex max-w-full flex-col grow\"><div class=\"min-h-8 text-message relative flex w-full flex-col items-end gap-2 text-start break-words whitespace-normal [.text-message+&amp;]:mt-1\" dir=\"auto\" data-message-author-role=\"assistant\" data-message-id=\"7037f2d9-a87d-462e-8f2a-aca447a39617\" data-message-model-slug=\"gpt-5-2\"><div class=\"flex w-full flex-col gap-1 empty:hidden first:pt-[1px]\"><div class=\"markdown prose dark:prose-invert w-full wrap-break-word dark markdown-new-styling\"><h5 data-start=\"0\" data-end=\"107\">Tomek K\u0142opocki startuje w Mistrzostwach Polski motogymkhany od 2024 roku. Na torze je\u017adzi na Yamaszce MT-07.<\/h5><\/div><\/div><\/div><\/div><\/div><\/div>\t\t\t\t\t\t\t\t<\/div>\n\t\t\t\t<\/div>\n\t\t\t\t<div class=\"elementor-element elementor-element-5ca71ef elementor-widget elementor-widget-text-editor\" data-id=\"5ca71ef\" data-element_type=\"widget\" data-e-type=\"widget\" data-widget_type=\"text-editor.default\">\n\t\t\t\t<div class=\"elementor-widget-container\">\n\t\t\t\t\t\t\t\t\t<h2>B\u0142a\u017cej Nowaczyk<\/h2>\t\t\t\t\t\t\t\t<\/div>\n\t\t\t\t<\/div>\n\t\t\t\t<div class=\"elementor-element elementor-element-c59560c elementor-widget elementor-widget-image\" data-id=\"c59560c\" data-element_type=\"widget\" data-e-type=\"widget\" data-widget_type=\"image.default\">\n\t\t\t\t<div class=\"elementor-widget-container\">\n\t\t\t\t\t\t\t\t\t\t\t\t\t\t\t<img loading=\"lazy\" decoding=\"async\" width=\"768\" height=\"512\" src=\"https:\/\/motogymkhana.poznan.pl\/wp-content\/uploads\/2026\/02\/Blazej-Nowaczyk-768x512.jpg\" class=\"attachment-medium_large size-medium_large wp-image-369\" alt=\"\" srcset=\"https:\/\/motogymkhana.poznan.pl\/wp-content\/uploads\/2026\/02\/Blazej-Nowaczyk-768x512.jpg 768w, https:\/\/motogymkhana.poznan.pl\/wp-content\/uploads\/2026\/02\/Blazej-Nowaczyk-300x200.jpg 300w, https:\/\/motogymkhana.poznan.pl\/wp-content\/uploads\/2026\/02\/Blazej-Nowaczyk-1024x683.jpg 1024w, https:\/\/motogymkhana.poznan.pl\/wp-content\/uploads\/2026\/02\/Blazej-Nowaczyk-1536x1025.jpg 1536w, https:\/\/motogymkhana.poznan.pl\/wp-content\/uploads\/2026\/02\/Blazej-Nowaczyk-500x333.jpg 500w, https:\/\/motogymkhana.poznan.pl\/wp-content\/uploads\/2026\/02\/Blazej-Nowaczyk-800x534.jpg 800w, https:\/\/motogymkhana.poznan.pl\/wp-content\/uploads\/2026\/02\/Blazej-Nowaczyk-1280x854.jpg 1280w, https:\/\/motogymkhana.poznan.pl\/wp-content\/uploads\/2026\/02\/Blazej-Nowaczyk-1920x1281.jpg 1920w, https:\/\/motogymkhana.poznan.pl\/wp-content\/uploads\/2026\/02\/Blazej-Nowaczyk.jpg 2048w\" sizes=\"(max-width: 768px) 100vw, 768px\" \/>\t\t\t\t\t\t\t\t\t\t\t\t\t\t\t<\/div>\n\t\t\t\t<\/div>\n\t\t\t\t<div class=\"elementor-element elementor-element-2b7e0aa elementor-widget elementor-widget-text-editor\" data-id=\"2b7e0aa\" data-element_type=\"widget\" data-e-type=\"widget\" data-widget_type=\"text-editor.default\">\n\t\t\t\t<div class=\"elementor-widget-container\">\n\t\t\t\t\t\t\t\t\t<h5>B\u0142a\u017cej Nowaczyk zadebiutowa\u0142 w zawodach podczas ostatniej rundy sezonu 2023, zaledwie miesi\u0105c po swoim pierwszym treningu motogymkhany. W 2024 roku zaliczy\u0142 r\u00f3wnie\u017c debiut w Mistrzostwach Europy podczas rundy w Czechach. Dotychczas startowa\u0142 na Suzuki GSR 600, a w planach ma przesiadk\u0119 na Hond\u0119 CBR 600.<\/h5>\t\t\t\t\t\t\t\t<\/div>\n\t\t\t\t<\/div>\n\t\t\t\t\t<\/div>\n\t\t\t\t<\/div>\n\t\t<div class=\"elementor-element elementor-element-e1acb4c e-flex e-con-boxed e-con e-parent\" data-id=\"e1acb4c\" data-element_type=\"container\" data-e-type=\"container\">\n\t\t\t\t\t<div class=\"e-con-inner\">\n\t\t\t\t<div class=\"elementor-element elementor-element-cb7e416 elementor-widget elementor-widget-text-editor\" data-id=\"cb7e416\" data-element_type=\"widget\" data-e-type=\"widget\" data-widget_type=\"text-editor.default\">\n\t\t\t\t<div class=\"elementor-widget-container\">\n\t\t\t\t\t\t\t\t\t<h2>Skawi\u0144ska Nikola<\/h2>\t\t\t\t\t\t\t\t<\/div>\n\t\t\t\t<\/div>\n\t\t\t\t<div class=\"elementor-element elementor-element-8c357c7 elementor-widget elementor-widget-image\" data-id=\"8c357c7\" data-element_type=\"widget\" data-e-type=\"widget\" data-widget_type=\"image.default\">\n\t\t\t\t<div class=\"elementor-widget-container\">\n\t\t\t\t\t\t\t\t\t\t\t\t\t\t\t<img loading=\"lazy\" decoding=\"async\" width=\"768\" height=\"512\" src=\"https:\/\/motogymkhana.poznan.pl\/wp-content\/uploads\/2026\/02\/Nikola-Skawinska-768x512.png\" class=\"attachment-medium_large size-medium_large wp-image-370\" alt=\"\" srcset=\"https:\/\/motogymkhana.poznan.pl\/wp-content\/uploads\/2026\/02\/Nikola-Skawinska-768x512.png 768w, https:\/\/motogymkhana.poznan.pl\/wp-content\/uploads\/2026\/02\/Nikola-Skawinska-300x200.png 300w, https:\/\/motogymkhana.poznan.pl\/wp-content\/uploads\/2026\/02\/Nikola-Skawinska-1024x683.png 1024w, https:\/\/motogymkhana.poznan.pl\/wp-content\/uploads\/2026\/02\/Nikola-Skawinska-1536x1024.png 1536w, https:\/\/motogymkhana.poznan.pl\/wp-content\/uploads\/2026\/02\/Nikola-Skawinska-500x333.png 500w, https:\/\/motogymkhana.poznan.pl\/wp-content\/uploads\/2026\/02\/Nikola-Skawinska-800x533.png 800w, https:\/\/motogymkhana.poznan.pl\/wp-content\/uploads\/2026\/02\/Nikola-Skawinska-1280x853.png 1280w, https:\/\/motogymkhana.poznan.pl\/wp-content\/uploads\/2026\/02\/Nikola-Skawinska-1920x1280.png 1920w, https:\/\/motogymkhana.poznan.pl\/wp-content\/uploads\/2026\/02\/Nikola-Skawinska.png 2048w\" sizes=\"(max-width: 768px) 100vw, 768px\" \/>\t\t\t\t\t\t\t\t\t\t\t\t\t\t\t<\/div>\n\t\t\t\t<\/div>\n\t\t\t\t<div class=\"elementor-element elementor-element-3b75f8b elementor-widget elementor-widget-text-editor\" data-id=\"3b75f8b\" data-element_type=\"widget\" data-e-type=\"widget\" data-widget_type=\"text-editor.default\">\n\t\t\t\t<div class=\"elementor-widget-container\">\n\t\t\t\t\t\t\t\t\t<h5>Nikola Skawi\u0144ska rozpocz\u0119\u0142a treningi motogymkhany wiosn\u0105 2025 roku. Sw\u00f3j debiut zawodniczy zaliczy\u0142a 13 wrze\u015bnia 2025 podczas rundy Pozna\u0144 GP. Startuje na motocyklu KTM Duke 125 z 2019 roku i posiada prawo jazdy kategorii A1.<\/h5>\t\t\t\t\t\t\t\t<\/div>\n\t\t\t\t<\/div>\n\t\t\t\t<div class=\"elementor-element elementor-element-cea4211 elementor-widget elementor-widget-text-editor\" data-id=\"cea4211\" data-element_type=\"widget\" data-e-type=\"widget\" data-widget_type=\"text-editor.default\">\n\t\t\t\t<div class=\"elementor-widget-container\">\n\t\t\t\t\t\t\t\t\t<h2>Natalia S\u00f3wka<\/h2>\t\t\t\t\t\t\t\t<\/div>\n\t\t\t\t<\/div>\n\t\t\t\t<div class=\"elementor-element elementor-element-a0d54a6 elementor-widget elementor-widget-image\" data-id=\"a0d54a6\" data-element_type=\"widget\" data-e-type=\"widget\" data-widget_type=\"image.default\">\n\t\t\t\t<div class=\"elementor-widget-container\">\n\t\t\t\t\t\t\t\t\t\t\t\t\t\t\t<img loading=\"lazy\" decoding=\"async\" width=\"768\" height=\"512\" src=\"https:\/\/motogymkhana.poznan.pl\/wp-content\/uploads\/2026\/02\/Natalia-Sowka-768x512.jpg\" class=\"attachment-medium_large size-medium_large wp-image-375\" alt=\"\" srcset=\"https:\/\/motogymkhana.poznan.pl\/wp-content\/uploads\/2026\/02\/Natalia-Sowka-768x512.jpg 768w, https:\/\/motogymkhana.poznan.pl\/wp-content\/uploads\/2026\/02\/Natalia-Sowka-300x200.jpg 300w, https:\/\/motogymkhana.poznan.pl\/wp-content\/uploads\/2026\/02\/Natalia-Sowka-1024x683.jpg 1024w, https:\/\/motogymkhana.poznan.pl\/wp-content\/uploads\/2026\/02\/Natalia-Sowka-1536x1024.jpg 1536w, https:\/\/motogymkhana.poznan.pl\/wp-content\/uploads\/2026\/02\/Natalia-Sowka-500x333.jpg 500w, https:\/\/motogymkhana.poznan.pl\/wp-content\/uploads\/2026\/02\/Natalia-Sowka-800x533.jpg 800w, https:\/\/motogymkhana.poznan.pl\/wp-content\/uploads\/2026\/02\/Natalia-Sowka-1280x853.jpg 1280w, https:\/\/motogymkhana.poznan.pl\/wp-content\/uploads\/2026\/02\/Natalia-Sowka-1920x1280.jpg 1920w, https:\/\/motogymkhana.poznan.pl\/wp-content\/uploads\/2026\/02\/Natalia-Sowka.jpg 2048w\" sizes=\"(max-width: 768px) 100vw, 768px\" \/>\t\t\t\t\t\t\t\t\t\t\t\t\t\t\t<\/div>\n\t\t\t\t<\/div>\n\t\t\t\t<div class=\"elementor-element elementor-element-ecfa647 elementor-widget elementor-widget-text-editor\" data-id=\"ecfa647\" data-element_type=\"widget\" data-e-type=\"widget\" data-widget_type=\"text-editor.default\">\n\t\t\t\t<div class=\"elementor-widget-container\">\n\t\t\t\t\t\t\t\t\t<h5>Natalia S\u00f3wka je\u017adzi na motocyklu od 2021 roku, a obecnie trenuje i startuje na KTM 390. Sw\u00f3j debiut w zawodach zaliczy\u0142a w 2025 roku w \u0141odzi, startuj\u0105c wtedy na Yamasze MT-07 \ud83d\ude09<\/h5>\t\t\t\t\t\t\t\t<\/div>\n\t\t\t\t<\/div>\n\t\t\t\t\t<\/div>\n\t\t\t\t<\/div>\n\t\t<div class=\"elementor-element elementor-element-b9fd7d5 e-flex e-con-boxed e-con e-parent\" data-id=\"b9fd7d5\" data-element_type=\"container\" data-e-type=\"container\">\n\t\t\t\t\t<div class=\"e-con-inner\">\n\t\t\t\t<div class=\"elementor-element elementor-element-4921cb2 elementor-widget elementor-widget-text-editor\" data-id=\"4921cb2\" data-element_type=\"widget\" data-e-type=\"widget\" data-widget_type=\"text-editor.default\">\n\t\t\t\t<div class=\"elementor-widget-container\">\n\t\t\t\t\t\t\t\t\t<h2>Monika Szafra\u0144ska<\/h2>\t\t\t\t\t\t\t\t<\/div>\n\t\t\t\t<\/div>\n\t\t\t\t<div class=\"elementor-element elementor-element-df36783 elementor-widget elementor-widget-image\" data-id=\"df36783\" data-element_type=\"widget\" data-e-type=\"widget\" data-widget_type=\"image.default\">\n\t\t\t\t<div class=\"elementor-widget-container\">\n\t\t\t\t\t\t\t\t\t\t\t\t\t\t\t<img loading=\"lazy\" decoding=\"async\" width=\"768\" height=\"431\" src=\"https:\/\/motogymkhana.poznan.pl\/wp-content\/uploads\/2026\/02\/Monika-szafranska-768x431.jpg\" class=\"attachment-medium_large size-medium_large wp-image-383\" alt=\"\" srcset=\"https:\/\/motogymkhana.poznan.pl\/wp-content\/uploads\/2026\/02\/Monika-szafranska-768x431.jpg 768w, https:\/\/motogymkhana.poznan.pl\/wp-content\/uploads\/2026\/02\/Monika-szafranska-300x168.jpg 300w, https:\/\/motogymkhana.poznan.pl\/wp-content\/uploads\/2026\/02\/Monika-szafranska-1024x575.jpg 1024w, https:\/\/motogymkhana.poznan.pl\/wp-content\/uploads\/2026\/02\/Monika-szafranska-1536x863.jpg 1536w, https:\/\/motogymkhana.poznan.pl\/wp-content\/uploads\/2026\/02\/Monika-szafranska-500x281.jpg 500w, https:\/\/motogymkhana.poznan.pl\/wp-content\/uploads\/2026\/02\/Monika-szafranska-800x449.jpg 800w, https:\/\/motogymkhana.poznan.pl\/wp-content\/uploads\/2026\/02\/Monika-szafranska-1280x719.jpg 1280w, https:\/\/motogymkhana.poznan.pl\/wp-content\/uploads\/2026\/02\/Monika-szafranska-1920x1078.jpg 1920w, https:\/\/motogymkhana.poznan.pl\/wp-content\/uploads\/2026\/02\/Monika-szafranska.jpg 2048w\" sizes=\"(max-width: 768px) 100vw, 768px\" \/>\t\t\t\t\t\t\t\t\t\t\t\t\t\t\t<\/div>\n\t\t\t\t<\/div>\n\t\t\t\t<div class=\"elementor-element elementor-element-92c98cc elementor-widget elementor-widget-text-editor\" data-id=\"92c98cc\" data-element_type=\"widget\" data-e-type=\"widget\" data-widget_type=\"text-editor.default\">\n\t\t\t\t<div class=\"elementor-widget-container\">\n\t\t\t\t\t\t\t\t\t<h5>Monika Szafra\u0144ska zadebiutowa\u0142a w zawodach motogymkhany 4 sierpnia 2024 roku w Jaworznie, a w ci\u0105gu roku zanotowa\u0142a ogromny post\u0119p \u2014 poprawiaj\u0105c sw\u00f3j wynik o ponad 100% podczas zawod\u00f3w w Poznaniu 13 wrze\u015bnia 2025. Je\u017adzi na Yamasze MT-07. Na co dzie\u0144 mieszka we Wroc\u0142awiu, ale \u2014 jak sama m\u00f3wi \u2014 to Pozna\u0144 j\u0105 \u201eadoptowa\u0142\u201d. To w\u0142a\u015bnie tamtejsza ekipa pomog\u0142a jej postawi\u0107 pierwsze kroki w gymkhanie i wci\u0105gn\u0119\u0142a j\u0105 w ten sport na dobre, dlatego startuje w barwach Poznania jako \u201ejednoosobowy oddzia\u0142 zamiejscowy\u201d.<\/h5>\t\t\t\t\t\t\t\t<\/div>\n\t\t\t\t<\/div>\n\t\t\t\t\t<\/div>\n\t\t\t\t<\/div>\n\t\t\t\t<\/div>\n\t\t","protected":false},"excerpt":{"rendered":"<p>Ekipa Pozna\u0143ska Pozna\u0144 ma aktywn\u0105 spo\u0142eczno\u015b\u0107 motogymkhany skupion\u0105 wok\u00f3\u0142 lokalnych trening\u00f3w i zawod\u00f3w, kt\u00f3re promuj\u0105 jazd\u0119 precyzyjn\u0105 i techniczn\u0105 na motocyklu. W mie\u015bcie i okolicach regularnie organizowane s\u0105 otwarte treningi, rundy Gymkhana GP oraz imprezy, kt\u00f3re \u0142\u0105cz\u0105 sportow\u0105 rywalizacj\u0119 z motoryzacyjnymi atrakcjami dla uczestnik\u00f3w i widz\u00f3w. Pozna\u0144 sta\u0142 si\u0119 jednym z wa\u017cniejszych miejsc w Polsce [&hellip;]<\/p>\n","protected":false},"author":1,"featured_media":0,"parent":0,"menu_order":0,"comment_status":"closed","ping_status":"closed","template":"","meta":{"footnotes":""},"class_list":["post-76","page","type-page","status-publish","hentry"],"_links":{"self":[{"href":"https:\/\/motogymkhana.poznan.pl\/index.php?rest_route=\/wp\/v2\/pages\/76","targetHints":{"allow":["GET"]}}],"collection":[{"href":"https:\/\/motogymkhana.poznan.pl\/index.php?rest_route=\/wp\/v2\/pages"}],"about":[{"href":"https:\/\/motogymkhana.poznan.pl\/index.php?rest_route=\/wp\/v2\/types\/page"}],"author":[{"embeddable":true,"href":"https:\/\/motogymkhana.poznan.pl\/index.php?rest_route=\/wp\/v2\/users\/1"}],"replies":[{"embeddable":true,"href":"https:\/\/motogymkhana.poznan.pl\/index.php?rest_route=%2Fwp%2Fv2%2Fcomments&post=76"}],"version-history":[{"count":125,"href":"https:\/\/motogymkhana.poznan.pl\/index.php?rest_route=\/wp\/v2\/pages\/76\/revisions"}],"predecessor-version":[{"id":495,"href":"https:\/\/motogymkhana.poznan.pl\/index.php?rest_route=\/wp\/v2\/pages\/76\/revisions\/495"}],"wp:attachment":[{"href":"https:\/\/motogymkhana.poznan.pl\/index.php?rest_route=%2Fwp%2Fv2%2Fmedia&parent=76"}],"curies":[{"name":"wp","href":"https:\/\/api.w.org\/{rel}","templated":true}]}}